{"id":308,"date":"2017-01-13T16:17:35","date_gmt":"2017-01-13T15:17:35","guid":{"rendered":"http:\/\/movebs.spargel-express.de\/?page_id=308"},"modified":"2017-03-16T21:50:02","modified_gmt":"2017-03-16T20:50:02","slug":"rudolfplatz-lehndorf-kanzlerfeld","status":"publish","type":"page","link":"https:\/\/movebs.de\/?page_id=308","title":{"rendered":"Rudolfplatz &#8211; Lehndorf &#8211; Kanzlerfeld"},"content":{"rendered":"<p><span style=\"text-decoration: underline;\">Perspektive Rudolfstra\u00dfe<\/span><\/p>\n<p>Die Stadtbahnstrecke in das Kanzlerfeld f\u00fchrt ab dem Radeklint durch das westliche Ringgebiet \u00fcber die Hildeheimer Stra\u00dfe nach Lehndorf und weiter durch das \u00d6lper Holz in das Kanzlerfeld, wo sie am Eingang der FAL endet. Zwischen Rudolfplatz und Celler Stra\u00dfe bieten sich mehrere Streckenverl\u00e4ufe f\u00fcr die Stadtbahn an. Die Perspektive zeigt die Rudolfstra\u00dfe, welche die naheliegendste, weil k\u00fcrzeste Alternative darstellt. Die heute durch den Schleichverkehr in Richtung Lehndorf und den ruhenden Pkw-Verkehr gepr\u00e4gte Stra\u00dfe bietet wenig Qualit\u00e4t aber viel Potential. Der urspr\u00fcnglich dichte Baumbestand stellt eine atmosph\u00e4rische Qualit\u00e4t dar, die erhalten und wieder erg\u00e4nzt werden sollte. Die vielen vorhandenen Ladenlokale k\u00f6nnen durch breite Gehwege st\u00e4rker in das \u00f6ffentliche Blickfeld ger\u00fcckt werden und den \u00f6ffentlichen Raum beleben.<\/p>\n<p><a href=\"https:\/\/www.google.de\/maps\/@52.2698575,10.5026312,19.83z\" target=\"_blank\">Position bei google maps<\/a><\/p>\n<div id=\"attachment_300\" style=\"width: 594px\" class=\"wp-caption aligncenter\"><a href=\"http:\/\/movebs.de\/wp-content\/uploads\/2017\/01\/Rudolfstrasze-Planung.jpg\"><img loading=\"lazy\" decoding=\"async\" aria-describedby=\"caption-attachment-300\" class=\"wp-image-300 size-large\" src=\"http:\/\/movebs.de\/wp-content\/uploads\/2017\/01\/Rudolfstrasze-Planung-1024x746.jpg\" alt=\"Visualisierung \u201eVision Stadtbahnausbau\u201c\" width=\"584\" height=\"425\" srcset=\"https:\/\/movebs.de\/wp-content\/uploads\/2017\/01\/Rudolfstrasze-Planung-1024x746.jpg 1024w, https:\/\/movebs.de\/wp-content\/uploads\/2017\/01\/Rudolfstrasze-Planung-300x219.jpg 300w, https:\/\/movebs.de\/wp-content\/uploads\/2017\/01\/Rudolfstrasze-Planung.jpg 1098w\" sizes=\"auto, (max-width: 584px) 100vw, 584px\" \/><\/a><p id=\"caption-attachment-300\" class=\"wp-caption-text\">Visualisierung \u201eVision Stadtbahnausbau\u201c<\/p><\/div>\n<div id=\"attachment_299\" style=\"width: 594px\" class=\"wp-caption aligncenter\"><a href=\"http:\/\/movebs.de\/wp-content\/uploads\/2017\/01\/Rudolfstrasze-Bestand.jpg\"><img loading=\"lazy\" decoding=\"async\" aria-describedby=\"caption-attachment-299\" class=\"wp-image-299 size-large\" src=\"http:\/\/movebs.de\/wp-content\/uploads\/2017\/01\/Rudolfstrasze-Bestand-1024x746.jpg\" alt=\"Blick in die Stra\u00dfe heute\" width=\"584\" height=\"425\" srcset=\"https:\/\/movebs.de\/wp-content\/uploads\/2017\/01\/Rudolfstrasze-Bestand-1024x746.jpg 1024w, https:\/\/movebs.de\/wp-content\/uploads\/2017\/01\/Rudolfstrasze-Bestand-300x219.jpg 300w, https:\/\/movebs.de\/wp-content\/uploads\/2017\/01\/Rudolfstrasze-Bestand.jpg 1098w\" sizes=\"auto, (max-width: 584px) 100vw, 584px\" \/><\/a><p id=\"caption-attachment-299\" class=\"wp-caption-text\">Blick in die Stra\u00dfe heute<\/p><\/div>\n<p>Wir schlagen vor, die Rudolfstra\u00dfe von einer Kreisstra\u00dfe zu einer einfachen Wohnstra\u00dfe zur\u00fcckzustufen, da der \u00fcber\u00f6rtliche Verkehr \u00fcber den Neustadtring und die Celler Stra\u00dfe geleitet werden kann. Dies h\u00e4tte eine deutliche Beruhigung des Wohngebietes im Allgemeinen und der Rudolfstra\u00dfe, sowie der Goslarschen und der Petristra\u00dfe im Besonderen zur Folge. Durch die geringere Verkehrsmenge steht die Stadtbahn nicht im Stau und kann in der Fahrbahn gef\u00fchrt werden. So wird eine platzsparende L\u00f6sung m\u00f6glich, die zu einem Ausgleich der Interessen der verschiedenen Verkehrsteilnehmer f\u00fchrt: F\u00fcr Fu\u00dfg\u00e4nger gibt es \u00fcber 3m breite Fu\u00dfwege, die sicheres Vorankommen oder Verweilen erm\u00f6glichen. Parkpl\u00e4tze sind zu beiden Seiten der Fahrbahn vorhanden und werden durch Baumscheiben unterbrochen, die in ihrer Zahl dem urspr\u00fcnglichen Pflanzkonzept entsprechen. Die Fahrbahn ist etwas breiter als \u00fcblich, damit die parkenden Fahrzeuge nicht die Stadtbahn behindern und damit Radfahrer etwas mehr Platz nutzen k\u00f6nnen.<\/p>\n<p>&nbsp;<\/p>\n<p><span style=\"text-decoration: underline;\">Perspektive Saarstra\u00dfe<\/span><\/p>\n<p>Gedanken zur Installation einer Stra\u00dfenbahn in der Saarstra\u00dfe waren bisher oft gepr\u00e4gt von der Bef\u00fcrchtung, dass die B\u00e4ume entlang der Stra\u00dfe gef\u00e4llt werden m\u00fcssen und die Stra\u00dfe ihren Alleecharakter verliert. Diese Bef\u00fcrchtung ist &#8211; wie unten dargestellt &#8211; unbegr\u00fcndet. Die Stra\u00dfenbahn kann gr\u00f6\u00dftenteils in der Fahrbahn gef\u00fchrt werden und ben\u00f6tigt somit keinen weiteren Platz als aktuell der Bus. Vor den Kreuzungen, die ohnehin bereits jetzt eine gr\u00f6\u00dfere Fl\u00e4che ben\u00f6tigen, kann eine separate Spur die Bahn in Fahrtrichtung Kreuzung an Aufstauungen vorbeif\u00fchren.<\/p>\n<p><a href=\"https:\/\/www.google.de\/maps\/@52.2762831,10.4768435,19.33zhttp:\/\/\" target=\"_blank\">Position bei google maps<\/a><\/p>\n<div id=\"attachment_104\" style=\"width: 594px\" class=\"wp-caption aligncenter\"><a href=\"http:\/\/movebs.de\/wp-content\/uploads\/2015\/02\/Planungsquerschnitt-Saarbrueckener_Strasze-20150113-01.jpg\"><img loading=\"lazy\" decoding=\"async\" aria-describedby=\"caption-attachment-104\" class=\"wp-image-104 size-large\" src=\"http:\/\/movebs.de\/wp-content\/uploads\/2015\/02\/Planungsquerschnitt-Saarbrueckener_Strasze-20150113-01-724x1024.jpg\" alt=\"Querschnitt der Saarstra\u00dfe mit Stra\u00dfenbahn\" width=\"584\" height=\"826\" srcset=\"https:\/\/movebs.de\/wp-content\/uploads\/2015\/02\/Planungsquerschnitt-Saarbrueckener_Strasze-20150113-01-724x1024.jpg 724w, https:\/\/movebs.de\/wp-content\/uploads\/2015\/02\/Planungsquerschnitt-Saarbrueckener_Strasze-20150113-01-212x300.jpg 212w, https:\/\/movebs.de\/wp-content\/uploads\/2015\/02\/Planungsquerschnitt-Saarbrueckener_Strasze-20150113-01.jpg 1754w\" sizes=\"auto, (max-width: 584px) 100vw, 584px\" \/><\/a><p id=\"caption-attachment-104\" class=\"wp-caption-text\">Querschnitt der Saarstra\u00dfe mit Stra\u00dfenbahn<\/p><\/div>\n","protected":false},"excerpt":{"rendered":"<p>Perspektive Rudolfstra\u00dfe Die Stadtbahnstrecke in das Kanzlerfeld f\u00fchrt ab dem Radeklint durch das westliche Ringgebiet \u00fcber die Hildeheimer Stra\u00dfe nach Lehndorf und weiter durch das \u00d6lper Holz in das Kanzlerfeld, wo sie am Eingang der FAL endet. Zwischen Rudolfplatz und &hellip; <a href=\"https:\/\/movebs.de\/?page_id=308\">Weiterlesen <span class=\"meta-nav\">&rarr;<\/span><\/a><\/p>\n","protected":false},"author":2,"featured_media":0,"parent":279,"menu_order":0,"comment_status":"closed","ping_status":"closed","template":"","meta":{"footnotes":""},"class_list":["post-308","page","type-page","status-publish","hentry"],"post_mailing_queue_ids":[],"_links":{"self":[{"href":"https:\/\/movebs.de\/index.php?rest_route=\/wp\/v2\/pages\/308","targetHints":{"allow":["GET"]}}],"collection":[{"href":"https:\/\/movebs.de\/index.php?rest_route=\/wp\/v2\/pages"}],"about":[{"href":"https:\/\/movebs.de\/index.php?rest_route=\/wp\/v2\/types\/page"}],"author":[{"embeddable":true,"href":"https:\/\/movebs.de\/index.php?rest_route=\/wp\/v2\/users\/2"}],"replies":[{"embeddable":true,"href":"https:\/\/movebs.de\/index.php?rest_route=%2Fwp%2Fv2%2Fcomments&post=308"}],"version-history":[{"count":5,"href":"https:\/\/movebs.de\/index.php?rest_route=\/wp\/v2\/pages\/308\/revisions"}],"predecessor-version":[{"id":416,"href":"https:\/\/movebs.de\/index.php?rest_route=\/wp\/v2\/pages\/308\/revisions\/416"}],"up":[{"embeddable":true,"href":"https:\/\/movebs.de\/index.php?rest_route=\/wp\/v2\/pages\/279"}],"wp:attachment":[{"href":"https:\/\/movebs.de\/index.php?rest_route=%2Fwp%2Fv2%2Fmedia&parent=308"}],"curies":[{"name":"wp","href":"https:\/\/api.w.org\/{rel}","templated":true}]}}